{"id":99,"date":"2023-12-14T12:06:23","date_gmt":"2023-12-14T11:06:23","guid":{"rendered":"https:\/\/www.auberge-de-la-source.fr\/?page_id=99"},"modified":"2024-07-19T16:08:14","modified_gmt":"2024-07-19T14:08:14","slug":"servicos-auberge-normandie","status":"publish","type":"page","link":"https:\/\/www.auberge-de-la-source.fr\/pt\/services-auberge-normandie\/","title":{"rendered":"Apresenta\u00e7\u00e3o dos Espa\u00e7os &amp; Servi\u00e7os"},"content":{"rendered":"<div data-elementor-type=\"wp-page\" data-elementor-id=\"99\" class=\"elementor elementor-99\" data-elementor-post-type=\"page\">\n\t\t\t\t<div class=\"elementor-element elementor-element-1698319 overflow-hidden-xs e-flex e-con-boxed e-con e-parent\" data-id=\"1698319\" data-element_type=\"container\" data-e-type=\"container\">\n\t\t\t\t\t<div class=\"e-con-inner\">\n\t\t<div class=\"elementor-element elementor-element-e7e7fdd bg-full-section-xs e-flex e-con-boxed e-con e-child\" data-id=\"e7e7fdd\" data-element_type=\"container\" data-e-type=\"container\" data-settings=\"{&quot;background_background&quot;:&quot;classic&quot;}\">\n\t\t\t\t\t<div class=\"e-con-inner\">\n\t\t\t\t<div class=\"elementor-element elementor-element-abbd98b elementor-absolute e-transform evt-tache-gauche elementor-widget elementor-widget-image\" data-id=\"abbd98b\" data-element_type=\"widget\" data-e-type=\"widget\" data-settings=\"{&quot;_position&quot;:&quot;absolute&quot;,&quot;_transform_rotateZ_effect&quot;:{&quot;unit&quot;:&quot;px&quot;,&quot;size&quot;:100,&quot;sizes&quot;:[]},&quot;_transform_rotateZ_effect_laptop&quot;:{&quot;unit&quot;:&quot;deg&quot;,&quot;size&quot;:&quot;&quot;,&quot;sizes&quot;:[]},&quot;_transform_rotateZ_effect_tablet&quot;:{&quot;unit&quot;:&quot;deg&quot;,&quot;size&quot;:&quot;&quot;,&quot;sizes&quot;:[]},&quot;_transform_rotateZ_effect_mobile&quot;:{&quot;unit&quot;:&quot;deg&quot;,&quot;size&quot;:&quot;&quot;,&quot;sizes&quot;:[]}}\" data-widget_type=\"image.default\">\n\t\t\t\t<div class=\"elementor-widget-container\">\n\t\t\t\t\t\t\t\t\t\t\t\t\t\t\t<img fetchpriority=\"high\" decoding=\"async\" width=\"618\" height=\"424\" src=\"https:\/\/www.auberge-de-la-source.fr\/wp-content\/uploads\/2024\/01\/tache-deco.png\" class=\"attachment-large size-large wp-image-1142\" alt=\"\" srcset=\"https:\/\/www.auberge-de-la-source.fr\/wp-content\/uploads\/2024\/01\/tache-deco.png 618w, https:\/\/www.auberge-de-la-source.fr\/wp-content\/uploads\/2024\/01\/tache-deco-300x206.png 300w, https:\/\/www.auberge-de-la-source.fr\/wp-content\/uploads\/2024\/01\/tache-deco-18x12.png 18w\" sizes=\"(max-width: 618px) 100vw, 618px\" title=\"\">\t\t\t\t\t\t\t\t\t\t\t\t\t\t\t<\/div>\n\t\t\t\t<\/div>\n\t\t\t\t<div class=\"elementor-element elementor-element-248322d elementor-absolute e-transform evt-tache-droite elementor-widget elementor-widget-image\" data-id=\"248322d\" data-element_type=\"widget\" data-e-type=\"widget\" data-settings=\"{&quot;_position&quot;:&quot;absolute&quot;,&quot;_transform_rotateZ_effect&quot;:{&quot;unit&quot;:&quot;px&quot;,&quot;size&quot;:108,&quot;sizes&quot;:[]},&quot;_transform_rotateZ_effect_laptop&quot;:{&quot;unit&quot;:&quot;deg&quot;,&quot;size&quot;:&quot;&quot;,&quot;sizes&quot;:[]},&quot;_transform_rotateZ_effect_tablet&quot;:{&quot;unit&quot;:&quot;deg&quot;,&quot;size&quot;:&quot;&quot;,&quot;sizes&quot;:[]},&quot;_transform_rotateZ_effect_mobile&quot;:{&quot;unit&quot;:&quot;deg&quot;,&quot;size&quot;:&quot;&quot;,&quot;sizes&quot;:[]}}\" data-widget_type=\"image.default\">\n\t\t\t\t<div class=\"elementor-widget-container\">\n\t\t\t\t\t\t\t\t\t\t\t\t\t\t\t<img fetchpriority=\"high\" decoding=\"async\" width=\"618\" height=\"424\" src=\"https:\/\/www.auberge-de-la-source.fr\/wp-content\/uploads\/2024\/01\/tache-deco.png\" class=\"attachment-large size-large wp-image-1142\" alt=\"\" srcset=\"https:\/\/www.auberge-de-la-source.fr\/wp-content\/uploads\/2024\/01\/tache-deco.png 618w, https:\/\/www.auberge-de-la-source.fr\/wp-content\/uploads\/2024\/01\/tache-deco-300x206.png 300w, https:\/\/www.auberge-de-la-source.fr\/wp-content\/uploads\/2024\/01\/tache-deco-18x12.png 18w\" sizes=\"(max-width: 618px) 100vw, 618px\" title=\"\">\t\t\t\t\t\t\t\t\t\t\t\t\t\t\t<\/div>\n\t\t\t\t<\/div>\n\t\t\t\t<div class=\"elementor-element elementor-element-f31d68f event-titre elementor-widget elementor-widget-heading\" data-id=\"f31d68f\" data-element_type=\"widget\" data-e-type=\"widget\" data-widget_type=\"heading.default\">\n\t\t\t\t<div class=\"elementor-widget-container\">\n\t\t\t\t\t<div class=\"elementor-heading-title elementor-size-default\">O<\/div>\t\t\t\t<\/div>\n\t\t\t\t<\/div>\n\t\t\t\t<div class=\"elementor-element elementor-element-a89fcef event-titre elementor-widget elementor-widget-heading\" data-id=\"a89fcef\" data-element_type=\"widget\" data-e-type=\"widget\" data-widget_type=\"heading.default\">\n\t\t\t\t<div class=\"elementor-widget-container\">\n\t\t\t\t\t<div class=\"elementor-heading-title elementor-size-default\">Apresenta\u00e7\u00e3o dos Espa\u00e7os &amp; Servi\u00e7os<\/div>\t\t\t\t<\/div>\n\t\t\t\t<\/div>\n\t\t\t\t\t<\/div>\n\t\t\t\t<\/div>\n\t\t\t\t\t<\/div>\n\t\t\t\t<\/div>\n\t\t<div class=\"elementor-element elementor-element-9c85006 e-flex e-con-boxed e-con e-parent\" data-id=\"9c85006\" data-element_type=\"container\" data-e-type=\"container\">\n\t\t\t\t\t<div class=\"e-con-inner\">\n\t\t<div class=\"elementor-element elementor-element-006e890 e-con-full e-flex e-con e-child\" data-id=\"006e890\" data-element_type=\"container\" data-e-type=\"container\">\n\t\t<div class=\"elementor-element elementor-element-9132321 e-flex e-con-boxed e-con e-child\" data-id=\"9132321\" data-element_type=\"container\" data-e-type=\"container\">\n\t\t\t\t\t<div class=\"e-con-inner\">\n\t\t\t\t<div class=\"elementor-element elementor-element-f12a132 anim1-titre elementor-widget elementor-widget-heading\" data-id=\"f12a132\" data-element_type=\"widget\" data-e-type=\"widget\" data-widget_type=\"heading.default\">\n\t\t\t\t<div class=\"elementor-widget-container\">\n\t\t\t\t\t<h1 class=\"elementor-heading-title elementor-size-default\">a nossa pousada na Normandia<\/h1>\t\t\t\t<\/div>\n\t\t\t\t<\/div>\n\t\t\t\t<div class=\"elementor-element elementor-element-eac020f elementor-widget elementor-widget-heading\" data-id=\"eac020f\" data-element_type=\"widget\" data-e-type=\"widget\" data-widget_type=\"heading.default\">\n\t\t\t\t<div class=\"elementor-widget-container\">\n\t\t\t\t\t<h2 class=\"elementor-heading-title elementor-size-default\">Actividades<\/h2>\t\t\t\t<\/div>\n\t\t\t\t<\/div>\n\t\t\t\t<div class=\"elementor-element elementor-element-367bc69 elementor-widget elementor-widget-text-editor\" data-id=\"367bc69\" data-element_type=\"widget\" data-e-type=\"widget\" data-widget_type=\"text-editor.default\">\n\t\t\t\t<div class=\"elementor-widget-container\">\n\t\t\t\t\t\t\t\t\t<p>Neste pequeno para\u00edso, tudo \u00e9 permitido!<br \/>Voc\u00ea pode andar de bicicleta para descobrir a paisagem verdejante pr\u00f3xima, ou por que n\u00e3o fazer um passeio de carruagem no pr\u00f3ximo Pays d'Auge, para descobrir encantadoramente as pitorescas pequenas aldeias classificadas como Monumentos Hist\u00f3ricos ou como as Mais Belas Aldeias da Fran\u00e7a.<br \/>Para uma op\u00e7\u00e3o mais esportiva, oferecemos equipamentos de kitesurf, ou um treinador pode lev\u00e1-lo para andar de bicicleta pelos maravilhosos caminhos desta profunda Normandia, que os artistas cantam desde sempre.<br \/>Seja qual for a sua escolha, voc\u00ea s\u00f3 pode voltar maravilhado por este momento \u00fanico e precioso, rejuvenescido por esta fonte de felicidade e juventude, que o far\u00e1 esquecer, por um tempo, o ritmo agitado da vida urbana.<\/p>\t\t\t\t\t\t\t\t<\/div>\n\t\t\t\t<\/div>\n\t\t\t\t\t<\/div>\n\t\t\t\t<\/div>\n\t\t\t\t<\/div>\n\t\t<div class=\"elementor-element elementor-element-59e76e4 e-con-full e-flex e-con e-child\" data-id=\"59e76e4\" data-element_type=\"container\" data-e-type=\"container\">\n\t\t\t\t<div class=\"elementor-element elementor-element-4bf3f8b elementor-widget__width-initial left-to-right elementor-widget elementor-widget-image\" data-id=\"4bf3f8b\" data-element_type=\"widget\" data-e-type=\"widget\" data-widget_type=\"image.default\">\n\t\t\t\t<div class=\"elementor-widget-container\">\n\t\t\t\t\t\t\t\t\t\t\t\t\t\t\t<img decoding=\"async\" width=\"683\" height=\"1024\" src=\"https:\/\/www.auberge-de-la-source.fr\/wp-content\/uploads\/2024\/02\/Jardin-6-683x1024.jpg\" class=\"attachment-large size-large wp-image-5819\" alt=\"homem de chap\u00e9u a ler um livro no jardim do Auberge de la Source - auberge normandie\" srcset=\"https:\/\/www.auberge-de-la-source.fr\/wp-content\/uploads\/2024\/02\/Jardin-6-683x1024.jpg 683w, https:\/\/www.auberge-de-la-source.fr\/wp-content\/uploads\/2024\/02\/Jardin-6-200x300.jpg 200w, https:\/\/www.auberge-de-la-source.fr\/wp-content\/uploads\/2024\/02\/Jardin-6-768x1152.jpg 768w, https:\/\/www.auberge-de-la-source.fr\/wp-content\/uploads\/2024\/02\/Jardin-6-1024x1536.jpg 1024w, https:\/\/www.auberge-de-la-source.fr\/wp-content\/uploads\/2024\/02\/Jardin-6-1365x2048.jpg 1365w, https:\/\/www.auberge-de-la-source.fr\/wp-content\/uploads\/2024\/02\/Jardin-6-8x12.jpg 8w, https:\/\/www.auberge-de-la-source.fr\/wp-content\/uploads\/2024\/02\/Jardin-6-scaled.jpg 1707w\" sizes=\"(max-width: 683px) 100vw, 683px\" title=\"\">\t\t\t\t\t\t\t\t\t\t\t\t\t\t\t<\/div>\n\t\t\t\t<\/div>\n\t\t\t\t<\/div>\n\t\t\t\t\t<\/div>\n\t\t\t\t<\/div>\n\t\t<div class=\"elementor-element elementor-element-f275f3a e-flex e-con-boxed e-con e-parent\" data-id=\"f275f3a\" data-element_type=\"container\" data-e-type=\"container\">\n\t\t\t\t\t<div class=\"e-con-inner\">\n\t\t<div class=\"elementor-element elementor-element-28dd35b e-con-full e-flex e-con e-child\" data-id=\"28dd35b\" data-element_type=\"container\" data-e-type=\"container\">\n\t\t\t\t<div class=\"elementor-element elementor-element-e13ac87 elementor-widget__width-initial right-to-left elementor-widget elementor-widget-image\" data-id=\"e13ac87\" data-element_type=\"widget\" data-e-type=\"widget\" data-widget_type=\"image.default\">\n\t\t\t\t<div class=\"elementor-widget-container\">\n\t\t\t\t\t\t\t\t\t\t\t\t\t\t\t<img decoding=\"async\" width=\"800\" height=\"534\" src=\"https:\/\/www.auberge-de-la-source.fr\/wp-content\/uploads\/2024\/02\/Pique-nique-chic-1024x683.jpg\" class=\"attachment-large size-large wp-image-5879\" alt=\"Piquenique \u00e0 francesa oferecido pelo Auberge de la Source - auberge normandie\" srcset=\"https:\/\/www.auberge-de-la-source.fr\/wp-content\/uploads\/2024\/02\/Pique-nique-chic-1024x683.jpg 1024w, https:\/\/www.auberge-de-la-source.fr\/wp-content\/uploads\/2024\/02\/Pique-nique-chic-300x200.jpg 300w, https:\/\/www.auberge-de-la-source.fr\/wp-content\/uploads\/2024\/02\/Pique-nique-chic-768x512.jpg 768w, https:\/\/www.auberge-de-la-source.fr\/wp-content\/uploads\/2024\/02\/Pique-nique-chic-1536x1025.jpg 1536w, https:\/\/www.auberge-de-la-source.fr\/wp-content\/uploads\/2024\/02\/Pique-nique-chic-2048x1366.jpg 2048w, https:\/\/www.auberge-de-la-source.fr\/wp-content\/uploads\/2024\/02\/Pique-nique-chic-18x12.jpg 18w\" sizes=\"(max-width: 800px) 100vw, 800px\" title=\"\">\t\t\t\t\t\t\t\t\t\t\t\t\t\t\t<\/div>\n\t\t\t\t<\/div>\n\t\t\t\t<\/div>\n\t\t<div class=\"elementor-element elementor-element-44739b1 e-con-full e-flex e-con e-child\" data-id=\"44739b1\" data-element_type=\"container\" data-e-type=\"container\">\n\t\t<div class=\"elementor-element elementor-element-5d55a5f e-flex e-con-boxed e-con e-child\" data-id=\"5d55a5f\" data-element_type=\"container\" data-e-type=\"container\">\n\t\t\t\t\t<div class=\"e-con-inner\">\n\t\t\t\t<div class=\"elementor-element elementor-element-87aefb3 elementor-widget elementor-widget-heading\" data-id=\"87aefb3\" data-element_type=\"widget\" data-e-type=\"widget\" data-widget_type=\"heading.default\">\n\t\t\t\t<div class=\"elementor-widget-container\">\n\t\t\t\t\t<h2 class=\"elementor-heading-title elementor-size-default\">Piquenique<\/h2>\t\t\t\t<\/div>\n\t\t\t\t<\/div>\n\t\t\t\t<div class=\"elementor-element elementor-element-372065d elementor-widget elementor-widget-text-editor\" data-id=\"372065d\" data-element_type=\"widget\" data-e-type=\"widget\" data-widget_type=\"text-editor.default\">\n\t\t\t\t<div class=\"elementor-widget-container\">\n\t\t\t\t\t\t\t\t\t<p>Para aproveitar ao m\u00e1ximo suas viagens di\u00e1rias e visitas, nosso Chef oferece o tradicional piquenique franc\u00eas, dando-lhe a liberdade de explorar \u00e0 vontade.\n\nPara ser encomendado com 48 horas de anteced\u00eancia.<\/p>\t\t\t\t\t\t\t\t<\/div>\n\t\t\t\t<\/div>\n\t\t\t\t\t<\/div>\n\t\t\t\t<\/div>\n\t\t\t\t<\/div>\n\t\t\t\t\t<\/div>\n\t\t\t\t<\/div>\n\t\t<div class=\"elementor-element elementor-element-96c1a08 e-flex e-con-boxed e-con e-parent\" data-id=\"96c1a08\" data-element_type=\"container\" data-e-type=\"container\">\n\t\t\t\t\t<div class=\"e-con-inner\">\n\t\t<div class=\"elementor-element elementor-element-91e8cfc e-con-full e-flex e-con e-child\" data-id=\"91e8cfc\" data-element_type=\"container\" data-e-type=\"container\">\n\t\t<div class=\"elementor-element elementor-element-a97cb75 e-flex e-con-boxed e-con e-child\" data-id=\"a97cb75\" data-element_type=\"container\" data-e-type=\"container\">\n\t\t\t\t\t<div class=\"e-con-inner\">\n\t\t\t\t<div class=\"elementor-element elementor-element-036a567 elementor-widget elementor-widget-heading\" data-id=\"036a567\" data-element_type=\"widget\" data-e-type=\"widget\" data-widget_type=\"heading.default\">\n\t\t\t\t<div class=\"elementor-widget-container\">\n\t\t\t\t\t<h2 class=\"elementor-heading-title elementor-size-default\">Passeio de carruagem puxada por cavalos<\/h2>\t\t\t\t<\/div>\n\t\t\t\t<\/div>\n\t\t\t\t<div class=\"elementor-element elementor-element-57a15ff elementor-widget elementor-widget-text-editor\" data-id=\"57a15ff\" data-element_type=\"widget\" data-e-type=\"widget\" data-widget_type=\"text-editor.default\">\n\t\t\t\t<div class=\"elementor-widget-container\">\n\t\t\t\t\t\t\t\t\t<p>A partir da Ferme Saint Sim\u00e9on, aproveite para desfrutar de um <a href=\"https:\/\/www.fermesaintsimeon.fr\/la-caleche-balade-a-cheval-honfleur\/\" rel=\"nofollow noopener\" target=\"_blank\">passeio de charrete<\/a> para descobrir Honfleur e as suas ruas medievais, t\u00e3o apreciadas pelos pintores do passado. Ao ritmo dos cavalos, percorrer\u00e1 o centro hist\u00f3rico e os seus monumentos, confortavelmente instalado num camarote de veludo, onde, por um momento, ser\u00e1 o Rei!<\/p><p>Venha conhecer Beno\u00eet Farain, Mestre Cavaleiro e Campe\u00e3o Franc\u00eas de Condu\u00e7\u00e3o de Carruagens em 2019, 2021 e 2023, e seus dois cavalos Percheron para uma escapadela rom\u00e2ntica no ritmo dos cavalos.<\/p>\t\t\t\t\t\t\t\t<\/div>\n\t\t\t\t<\/div>\n\t\t\t\t\t<\/div>\n\t\t\t\t<\/div>\n\t\t\t\t<\/div>\n\t\t<div class=\"elementor-element elementor-element-612cee6 e-con-full e-flex e-con e-child\" data-id=\"612cee6\" data-element_type=\"container\" data-e-type=\"container\">\n\t\t\t\t<div class=\"elementor-element elementor-element-56a2e2c elementor-widget__width-initial left-to-right elementor-widget elementor-widget-image\" data-id=\"56a2e2c\" data-element_type=\"widget\" data-e-type=\"widget\" data-widget_type=\"image.default\">\n\t\t\t\t<div class=\"elementor-widget-container\">\n\t\t\t\t\t\t\t\t\t\t\t\t\t\t\t<img loading=\"lazy\" decoding=\"async\" width=\"683\" height=\"1024\" src=\"https:\/\/www.auberge-de-la-source.fr\/wp-content\/uploads\/2024\/01\/Benoit-Farain-Champion-de-France-dattelage-en-2019-et-2021-1-683x1024.jpg\" class=\"attachment-large size-large wp-image-4031\" alt=\"Beno\u00eet Farain, campe\u00e3o franc\u00eas de condu\u00e7\u00e3o - auberge normandie\" srcset=\"https:\/\/www.auberge-de-la-source.fr\/wp-content\/uploads\/2024\/01\/Benoit-Farain-Champion-de-France-dattelage-en-2019-et-2021-1-683x1024.jpg 683w, https:\/\/www.auberge-de-la-source.fr\/wp-content\/uploads\/2024\/01\/Benoit-Farain-Champion-de-France-dattelage-en-2019-et-2021-1-200x300.jpg 200w, https:\/\/www.auberge-de-la-source.fr\/wp-content\/uploads\/2024\/01\/Benoit-Farain-Champion-de-France-dattelage-en-2019-et-2021-1-768x1152.jpg 768w, https:\/\/www.auberge-de-la-source.fr\/wp-content\/uploads\/2024\/01\/Benoit-Farain-Champion-de-France-dattelage-en-2019-et-2021-1-1024x1536.jpg 1024w, https:\/\/www.auberge-de-la-source.fr\/wp-content\/uploads\/2024\/01\/Benoit-Farain-Champion-de-France-dattelage-en-2019-et-2021-1-1366x2048.jpg 1366w, https:\/\/www.auberge-de-la-source.fr\/wp-content\/uploads\/2024\/01\/Benoit-Farain-Champion-de-France-dattelage-en-2019-et-2021-1-8x12.jpg 8w, https:\/\/www.auberge-de-la-source.fr\/wp-content\/uploads\/2024\/01\/Benoit-Farain-Champion-de-France-dattelage-en-2019-et-2021-1.jpg 1600w\" sizes=\"(max-width: 683px) 100vw, 683px\" title=\"\">\t\t\t\t\t\t\t\t\t\t\t\t\t\t\t<\/div>\n\t\t\t\t<\/div>\n\t\t\t\t<\/div>\n\t\t\t\t\t<\/div>\n\t\t\t\t<\/div>\n\t\t<div class=\"elementor-element elementor-element-991fff5 e-flex e-con-boxed e-con e-parent\" data-id=\"991fff5\" data-element_type=\"container\" data-e-type=\"container\">\n\t\t\t\t\t<div class=\"e-con-inner\">\n\t\t<div class=\"elementor-element elementor-element-10075eb e-con-full e-flex e-con e-child\" data-id=\"10075eb\" data-element_type=\"container\" data-e-type=\"container\">\n\t\t\t\t<div class=\"elementor-element elementor-element-62352bd elementor-widget__width-initial right-to-left elementor-widget elementor-widget-image\" data-id=\"62352bd\" data-element_type=\"widget\" data-e-type=\"widget\" data-widget_type=\"image.default\">\n\t\t\t\t<div class=\"elementor-widget-container\">\n\t\t\t\t\t\t\t\t\t\t\t\t\t\t\t<img loading=\"lazy\" decoding=\"async\" width=\"800\" height=\"534\" src=\"https:\/\/www.auberge-de-la-source.fr\/wp-content\/uploads\/2024\/02\/En-chambre-2-1024x683.jpg\" class=\"attachment-large size-large wp-image-5892\" alt=\"pequeno-almo\u00e7o com pastelaria, salada de frutas e compota - restaurante do hotel auberge de la source\" srcset=\"https:\/\/www.auberge-de-la-source.fr\/wp-content\/uploads\/2024\/02\/En-chambre-2-1024x683.jpg 1024w, https:\/\/www.auberge-de-la-source.fr\/wp-content\/uploads\/2024\/02\/En-chambre-2-300x200.jpg 300w, https:\/\/www.auberge-de-la-source.fr\/wp-content\/uploads\/2024\/02\/En-chambre-2-768x512.jpg 768w, https:\/\/www.auberge-de-la-source.fr\/wp-content\/uploads\/2024\/02\/En-chambre-2-1536x1024.jpg 1536w, https:\/\/www.auberge-de-la-source.fr\/wp-content\/uploads\/2024\/02\/En-chambre-2-2048x1366.jpg 2048w, https:\/\/www.auberge-de-la-source.fr\/wp-content\/uploads\/2024\/02\/En-chambre-2-18x12.jpg 18w\" sizes=\"(max-width: 800px) 100vw, 800px\" title=\"\">\t\t\t\t\t\t\t\t\t\t\t\t\t\t\t<\/div>\n\t\t\t\t<\/div>\n\t\t\t\t<\/div>\n\t\t<div class=\"elementor-element elementor-element-be8eed9 e-con-full e-flex e-con e-child\" data-id=\"be8eed9\" data-element_type=\"container\" data-e-type=\"container\">\n\t\t<div class=\"elementor-element elementor-element-168a959 e-flex e-con-boxed e-con e-child\" data-id=\"168a959\" data-element_type=\"container\" data-e-type=\"container\">\n\t\t\t\t\t<div class=\"e-con-inner\">\n\t\t\t\t<div class=\"elementor-element elementor-element-896f204 elementor-widget elementor-widget-heading\" data-id=\"896f204\" data-element_type=\"widget\" data-e-type=\"widget\" data-widget_type=\"heading.default\">\n\t\t\t\t<div class=\"elementor-widget-container\">\n\t\t\t\t\t<h2 class=\"elementor-heading-title elementor-size-default\">Pequeno-almo\u00e7o<\/h2>\t\t\t\t<\/div>\n\t\t\t\t<\/div>\n\t\t\t\t<div class=\"elementor-element elementor-element-aa33ae6 elementor-widget elementor-widget-text-editor\" data-id=\"aa33ae6\" data-element_type=\"widget\" data-e-type=\"widget\" data-widget_type=\"text-editor.default\">\n\t\t\t\t<div class=\"elementor-widget-container\">\n\t\t\t\t\t\t\t\t\t<p>O nosso restaurante serve <a href=\"https:\/\/www.auberge-de-la-source.fr\/pt\/restauracao-hotel-restaurant-de-charme\/pequeno-almoco-hotel-restaurante-auberge-de-la-source\/\">pequeno-almo\u00e7o<\/a> Todos os dias, a partir das 8h00, servimos um pequeno-almo\u00e7o buffet, farto e delicioso. No ver\u00e3o, pode desfrutar deste momento especial \u00e0 sombra das macieiras dos nossos jardins, enquanto no inverno pode comer \u00e0 lareira. 25 euros por pessoa, por dia<\/p>\t\t\t\t\t\t\t\t<\/div>\n\t\t\t\t<\/div>\n\t\t\t\t\t<\/div>\n\t\t\t\t<\/div>\n\t\t\t\t<\/div>\n\t\t\t\t\t<\/div>\n\t\t\t\t<\/div>\n\t\t<div class=\"elementor-element elementor-element-6a91b43 e-flex e-con-boxed e-con e-parent\" data-id=\"6a91b43\" data-element_type=\"container\" data-e-type=\"container\">\n\t\t\t\t\t<div class=\"e-con-inner\">\n\t\t<div class=\"elementor-element elementor-element-70c1265 e-con-full e-flex e-con e-child\" data-id=\"70c1265\" data-element_type=\"container\" data-e-type=\"container\">\n\t\t<div class=\"elementor-element elementor-element-c5035fb e-flex e-con-boxed e-con e-child\" data-id=\"c5035fb\" data-element_type=\"container\" data-e-type=\"container\">\n\t\t\t\t\t<div class=\"e-con-inner\">\n\t\t\t\t<div class=\"elementor-element elementor-element-ea7318b elementor-widget elementor-widget-heading\" data-id=\"ea7318b\" data-element_type=\"widget\" data-e-type=\"widget\" data-widget_type=\"heading.default\">\n\t\t\t\t<div class=\"elementor-widget-container\">\n\t\t\t\t\t<h2 class=\"elementor-heading-title elementor-size-default\">Mel na pousada<\/h2>\t\t\t\t<\/div>\n\t\t\t\t<\/div>\n\t\t\t\t<div class=\"elementor-element elementor-element-3ac4a82 elementor-widget elementor-widget-text-editor\" data-id=\"3ac4a82\" data-element_type=\"widget\" data-e-type=\"widget\" data-widget_type=\"text-editor.default\">\n\t\t\t\t<div class=\"elementor-widget-container\">\n\t\t\t\t\t\t\t\t\t<p>Nas \u00faltimas semanas, recebemos quase 300.000 abelhas distribu\u00eddas em 4 colmeias.\n\nAncorados em uma abordagem de desenvolvimento sustent\u00e1vel, produzimos assim nosso pr\u00f3prio mel para deleitar o paladar de nossos h\u00f3spedes, de forma muito local!\nOpte por um dos pratos deliciosos do nosso Chef e leve para casa um pote de mel dispon\u00edvel para compra em nossa boutique.<\/p>\t\t\t\t\t\t\t\t<\/div>\n\t\t\t\t<\/div>\n\t\t\t\t\t<\/div>\n\t\t\t\t<\/div>\n\t\t\t\t<\/div>\n\t\t<div class=\"elementor-element elementor-element-edd354b e-con-full e-flex e-con e-child\" data-id=\"edd354b\" data-element_type=\"container\" data-e-type=\"container\">\n\t\t\t\t<div class=\"elementor-element elementor-element-01cf7cc elementor-widget__width-initial left-to-right elementor-widget elementor-widget-image\" data-id=\"01cf7cc\" data-element_type=\"widget\" data-e-type=\"widget\" data-widget_type=\"image.default\">\n\t\t\t\t<div class=\"elementor-widget-container\">\n\t\t\t\t\t\t\t\t\t\t\t\t\t\t\t<img loading=\"lazy\" decoding=\"async\" width=\"800\" height=\"1000\" src=\"https:\/\/www.auberge-de-la-source.fr\/wp-content\/uploads\/2024\/02\/Buffet-6-819x1024.jpg\" class=\"attachment-large size-large wp-image-5074\" alt=\"mel produzido no Auberge de la Source - auberge normandie\" srcset=\"https:\/\/www.auberge-de-la-source.fr\/wp-content\/uploads\/2024\/02\/Buffet-6-819x1024.jpg 819w, https:\/\/www.auberge-de-la-source.fr\/wp-content\/uploads\/2024\/02\/Buffet-6-240x300.jpg 240w, https:\/\/www.auberge-de-la-source.fr\/wp-content\/uploads\/2024\/02\/Buffet-6-768x960.jpg 768w, https:\/\/www.auberge-de-la-source.fr\/wp-content\/uploads\/2024\/02\/Buffet-6-1229x1536.jpg 1229w, https:\/\/www.auberge-de-la-source.fr\/wp-content\/uploads\/2024\/02\/Buffet-6-1638x2048.jpg 1638w, https:\/\/www.auberge-de-la-source.fr\/wp-content\/uploads\/2024\/02\/Buffet-6-10x12.jpg 10w, https:\/\/www.auberge-de-la-source.fr\/wp-content\/uploads\/2024\/02\/Buffet-6-scaled.jpg 2048w\" sizes=\"(max-width: 800px) 100vw, 800px\" title=\"\">\t\t\t\t\t\t\t\t\t\t\t\t\t\t\t<\/div>\n\t\t\t\t<\/div>\n\t\t\t\t<\/div>\n\t\t\t\t\t<\/div>\n\t\t\t\t<\/div>\n\t\t<div class=\"elementor-element elementor-element-3afdfe4 e-flex e-con-boxed e-con e-parent\" data-id=\"3afdfe4\" data-element_type=\"container\" data-e-type=\"container\">\n\t\t\t\t\t<div class=\"e-con-inner\">\n\t\t<div class=\"elementor-element elementor-element-6bb9fc5 e-con-full e-flex e-con e-child\" data-id=\"6bb9fc5\" data-element_type=\"container\" data-e-type=\"container\">\n\t\t\t\t<div class=\"elementor-element elementor-element-59b6c01 elementor-widget__width-initial right-to-left elementor-widget elementor-widget-image\" data-id=\"59b6c01\" data-element_type=\"widget\" data-e-type=\"widget\" data-widget_type=\"image.default\">\n\t\t\t\t<div class=\"elementor-widget-container\">\n\t\t\t\t\t\t\t\t\t\t\t\t\t\t\t<img loading=\"lazy\" decoding=\"async\" width=\"800\" height=\"532\" src=\"https:\/\/www.auberge-de-la-source.fr\/wp-content\/uploads\/2024\/02\/iStock-1440770870-1024x681.jpg\" class=\"attachment-large size-large wp-image-6075\" alt=\"Animais de estima\u00e7\u00e3o permitidos - auberge normandie\" srcset=\"https:\/\/www.auberge-de-la-source.fr\/wp-content\/uploads\/2024\/02\/iStock-1440770870-1024x681.jpg 1024w, https:\/\/www.auberge-de-la-source.fr\/wp-content\/uploads\/2024\/02\/iStock-1440770870-300x200.jpg 300w, https:\/\/www.auberge-de-la-source.fr\/wp-content\/uploads\/2024\/02\/iStock-1440770870-768x511.jpg 768w, https:\/\/www.auberge-de-la-source.fr\/wp-content\/uploads\/2024\/02\/iStock-1440770870-18x12.jpg 18w, https:\/\/www.auberge-de-la-source.fr\/wp-content\/uploads\/2024\/02\/iStock-1440770870.jpg 1255w\" sizes=\"(max-width: 800px) 100vw, 800px\" title=\"\">\t\t\t\t\t\t\t\t\t\t\t\t\t\t\t<\/div>\n\t\t\t\t<\/div>\n\t\t\t\t<\/div>\n\t\t<div class=\"elementor-element elementor-element-2fb8234 e-con-full e-flex e-con e-child\" data-id=\"2fb8234\" data-element_type=\"container\" data-e-type=\"container\">\n\t\t<div class=\"elementor-element elementor-element-4541cac e-flex e-con-boxed e-con e-child\" data-id=\"4541cac\" data-element_type=\"container\" data-e-type=\"container\">\n\t\t\t\t\t<div class=\"e-con-inner\">\n\t\t\t\t<div class=\"elementor-element elementor-element-62533c1 elementor-widget elementor-widget-heading\" data-id=\"62533c1\" data-element_type=\"widget\" data-e-type=\"widget\" data-widget_type=\"heading.default\">\n\t\t\t\t<div class=\"elementor-widget-container\">\n\t\t\t\t\t<h2 class=\"elementor-heading-title elementor-size-default\">Animais de estima\u00e7\u00e3o s\u00e3o bem-vindos<\/h2>\t\t\t\t<\/div>\n\t\t\t\t<\/div>\n\t\t\t\t<div class=\"elementor-element elementor-element-3329222 elementor-widget elementor-widget-text-editor\" data-id=\"3329222\" data-element_type=\"widget\" data-e-type=\"widget\" data-widget_type=\"text-editor.default\">\n\t\t\t\t<div class=\"elementor-widget-container\">\n\t\t\t\t\t\t\t\t\t<p>\u00c0 chegada ao seu quarto: um cesto para o seu animal de estima\u00e7\u00e3o com um osso surpresa! Os animais de estima\u00e7\u00e3o s\u00e3o bem-vindos no hotel e no restaurante. O pre\u00e7o \u00e9 de 25 euros por noite e por animal.<\/p>\t\t\t\t\t\t\t\t<\/div>\n\t\t\t\t<\/div>\n\t\t\t\t\t<\/div>\n\t\t\t\t<\/div>\n\t\t\t\t<\/div>\n\t\t\t\t\t<\/div>\n\t\t\t\t<\/div>\n\t\t<div class=\"elementor-element elementor-element-fed60d0 e-flex e-con-boxed e-con e-parent\" data-id=\"fed60d0\" data-element_type=\"container\" data-e-type=\"container\">\n\t\t\t\t\t<div class=\"e-con-inner\">\n\t\t<div class=\"elementor-element elementor-element-f17f5bd e-con-full e-flex e-con e-child\" data-id=\"f17f5bd\" data-element_type=\"container\" data-e-type=\"container\">\n\t\t<div class=\"elementor-element elementor-element-4d72488 e-flex e-con-boxed e-con e-child\" data-id=\"4d72488\" data-element_type=\"container\" data-e-type=\"container\">\n\t\t\t\t\t<div class=\"e-con-inner\">\n\t\t\t\t<div class=\"elementor-element elementor-element-ba2d780 elementor-widget elementor-widget-heading\" data-id=\"ba2d780\" data-element_type=\"widget\" data-e-type=\"widget\" data-widget_type=\"heading.default\">\n\t\t\t\t<div class=\"elementor-widget-container\">\n\t\t\t\t\t<h2 class=\"elementor-heading-title elementor-size-default\">Jardim<\/h2>\t\t\t\t<\/div>\n\t\t\t\t<\/div>\n\t\t\t\t<div class=\"elementor-element elementor-element-95788ac elementor-widget elementor-widget-text-editor\" data-id=\"95788ac\" data-element_type=\"widget\" data-e-type=\"widget\" data-widget_type=\"text-editor.default\">\n\t\t\t\t<div class=\"elementor-widget-container\">\n\t\t\t\t\t\t\t\t\t<p>O jardim do nosso encantador hotel ir\u00e1 encant\u00e1-lo com a vista dos seus macieiras, arbustos e vegeta\u00e7\u00e3o que pode admirar enquanto desfruta do seu pequeno-almo\u00e7o no ver\u00e3o ou simplesmente passeando para desfrutar da tranquilidade do local. Temos tamb\u00e9m lagos com trutas e esturj\u00f5es, localizados perto de um belo salgueiro-chor\u00e3o e de uma variedade de outras plantas onde pode relaxar e comungar com a natureza.<\/p>\t\t\t\t\t\t\t\t<\/div>\n\t\t\t\t<\/div>\n\t\t\t\t\t<\/div>\n\t\t\t\t<\/div>\n\t\t\t\t<\/div>\n\t\t<div class=\"elementor-element elementor-element-93ed117 e-con-full e-flex e-con e-child\" data-id=\"93ed117\" data-element_type=\"container\" data-e-type=\"container\">\n\t\t\t\t<div class=\"elementor-element elementor-element-e08c3bc elementor-widget__width-initial left-to-right elementor-widget elementor-widget-image\" data-id=\"e08c3bc\" data-element_type=\"widget\" data-e-type=\"widget\" data-widget_type=\"image.default\">\n\t\t\t\t<div class=\"elementor-widget-container\">\n\t\t\t\t\t\t\t\t\t\t\t\t\t\t\t<img loading=\"lazy\" decoding=\"async\" width=\"800\" height=\"534\" src=\"https:\/\/www.auberge-de-la-source.fr\/wp-content\/uploads\/2024\/02\/Jardin-5-1024x683.jpg\" class=\"attachment-large size-large wp-image-5818\" alt=\"mulher a ler um livro \u00e0 sombra das \u00e1rvores no jardim do Auberge de la Source -auberge normandie\" srcset=\"https:\/\/www.auberge-de-la-source.fr\/wp-content\/uploads\/2024\/02\/Jardin-5-1024x683.jpg 1024w, https:\/\/www.auberge-de-la-source.fr\/wp-content\/uploads\/2024\/02\/Jardin-5-300x200.jpg 300w, https:\/\/www.auberge-de-la-source.fr\/wp-content\/uploads\/2024\/02\/Jardin-5-768x512.jpg 768w, https:\/\/www.auberge-de-la-source.fr\/wp-content\/uploads\/2024\/02\/Jardin-5-1536x1024.jpg 1536w, https:\/\/www.auberge-de-la-source.fr\/wp-content\/uploads\/2024\/02\/Jardin-5-2048x1366.jpg 2048w, https:\/\/www.auberge-de-la-source.fr\/wp-content\/uploads\/2024\/02\/Jardin-5-18x12.jpg 18w\" sizes=\"(max-width: 800px) 100vw, 800px\" title=\"\">\t\t\t\t\t\t\t\t\t\t\t\t\t\t\t<\/div>\n\t\t\t\t<\/div>\n\t\t\t\t<\/div>\n\t\t\t\t\t<\/div>\n\t\t\t\t<\/div>\n\t\t<div class=\"elementor-element elementor-element-394801e e-flex e-con-boxed e-con e-parent\" data-id=\"394801e\" data-element_type=\"container\" data-e-type=\"container\">\n\t\t\t\t\t<div class=\"e-con-inner\">\n\t\t<div class=\"elementor-element elementor-element-2c30664 e-con-full e-flex e-con e-child\" data-id=\"2c30664\" data-element_type=\"container\" data-e-type=\"container\">\n\t\t\t\t<div class=\"elementor-element elementor-element-edaeb9f elementor-widget__width-initial right-to-left elementor-widget elementor-widget-image\" data-id=\"edaeb9f\" data-element_type=\"widget\" data-e-type=\"widget\" data-widget_type=\"image.default\">\n\t\t\t\t<div class=\"elementor-widget-container\">\n\t\t\t\t\t\t\t\t\t\t\t\t\t\t\t<img loading=\"lazy\" decoding=\"async\" width=\"800\" height=\"534\" src=\"https:\/\/www.auberge-de-la-source.fr\/wp-content\/uploads\/2024\/02\/Petite-forge-52-1024x683.jpg\" class=\"attachment-large size-large wp-image-5959\" alt=\"prado verde com vacas - auberge de la source barneville\" srcset=\"https:\/\/www.auberge-de-la-source.fr\/wp-content\/uploads\/2024\/02\/Petite-forge-52-1024x683.jpg 1024w, https:\/\/www.auberge-de-la-source.fr\/wp-content\/uploads\/2024\/02\/Petite-forge-52-300x200.jpg 300w, https:\/\/www.auberge-de-la-source.fr\/wp-content\/uploads\/2024\/02\/Petite-forge-52-768x512.jpg 768w, https:\/\/www.auberge-de-la-source.fr\/wp-content\/uploads\/2024\/02\/Petite-forge-52-1536x1025.jpg 1536w, https:\/\/www.auberge-de-la-source.fr\/wp-content\/uploads\/2024\/02\/Petite-forge-52-2048x1366.jpg 2048w, https:\/\/www.auberge-de-la-source.fr\/wp-content\/uploads\/2024\/02\/Petite-forge-52-18x12.jpg 18w\" sizes=\"(max-width: 800px) 100vw, 800px\" title=\"\">\t\t\t\t\t\t\t\t\t\t\t\t\t\t\t<\/div>\n\t\t\t\t<\/div>\n\t\t\t\t<\/div>\n\t\t<div class=\"elementor-element elementor-element-9031e58 e-con-full e-flex e-con e-child\" data-id=\"9031e58\" data-element_type=\"container\" data-e-type=\"container\">\n\t\t<div class=\"elementor-element elementor-element-c4861cc e-flex e-con-boxed e-con e-child\" data-id=\"c4861cc\" data-element_type=\"container\" data-e-type=\"container\">\n\t\t\t\t\t<div class=\"e-con-inner\">\n\t\t\t\t<div class=\"elementor-element elementor-element-008c80a elementor-widget elementor-widget-heading\" data-id=\"008c80a\" data-element_type=\"widget\" data-e-type=\"widget\" data-widget_type=\"heading.default\">\n\t\t\t\t<div class=\"elementor-widget-container\">\n\t\t\t\t\t<h2 class=\"elementor-heading-title elementor-size-default\">Em redor do hotel<\/h2>\t\t\t\t<\/div>\n\t\t\t\t<\/div>\n\t\t\t\t<div class=\"elementor-element elementor-element-9400aaa elementor-widget elementor-widget-text-editor\" data-id=\"9400aaa\" data-element_type=\"widget\" data-e-type=\"widget\" data-widget_type=\"text-editor.default\">\n\t\t\t\t<div class=\"elementor-widget-container\">\n\t\t\t\t\t\t\t\t\t<p>Podemos organizar visitas guiadas para o ajudar a relaxar e a descobrir mais. Nas m\u00e3os de especialistas simp\u00e1ticos e entusiastas, pode partir \u00e0 descoberta. <a href=\"https:\/\/www.auberge-de-la-source.fr\/pt\/o-destino-hoteleiro-perto-de-honfleur\/hotel-de-charme-autentico-da-normandia\/\">A Normandia cheia de hist\u00f3ria<\/a>Pode tamb\u00e9m visitar as aldeias de Beaumont en Auge, Beuvron en Auge e Cambremer, onde jardins, destilarias, queijarias e coudelarias se misturam alegremente ao longo da bela Rota da Sidra. Prove os maravilhosos produtos locais e desfrute de momentos deliciosos e intemporais.<\/p>\t\t\t\t\t\t\t\t<\/div>\n\t\t\t\t<\/div>\n\t\t\t\t\t<\/div>\n\t\t\t\t<\/div>\n\t\t\t\t<\/div>\n\t\t\t\t\t<\/div>\n\t\t\t\t<\/div>\n\t\t\t\t<\/div>","protected":false},"excerpt":{"rendered":"<p>Les Services notre auberge en Normandie Activit\u00e9s Dans ce petit paradis, tout est permis!Vous pourrez partir \u00e0 v\u00e9lo, pour une d\u00e9couverte de la campagne verdoyante \u00e0 proximit\u00e9, ou alors pourquoi pas une balade en cal\u00e8che, dans le Pays d&rsquo;Auge tout proche, pour d\u00e9couvrir avec enchantement les pittoresques petits villages class\u00e9s aux Monuments Historiques, ou aux [&hellip;]<\/p>\n","protected":false},"author":5,"featured_media":0,"parent":0,"menu_order":0,"comment_status":"closed","ping_status":"closed","template":"","meta":{"inline_featured_image":false,"footnotes":""},"class_list":["post-99","page","type-page","status-publish","hentry"],"_links":{"self":[{"href":"https:\/\/www.auberge-de-la-source.fr\/pt\/wp-json\/wp\/v2\/pages\/99","targetHints":{"allow":["GET"]}}],"collection":[{"href":"https:\/\/www.auberge-de-la-source.fr\/pt\/wp-json\/wp\/v2\/pages"}],"about":[{"href":"https:\/\/www.auberge-de-la-source.fr\/pt\/wp-json\/wp\/v2\/types\/page"}],"author":[{"embeddable":true,"href":"https:\/\/www.auberge-de-la-source.fr\/pt\/wp-json\/wp\/v2\/users\/5"}],"replies":[{"embeddable":true,"href":"https:\/\/www.auberge-de-la-source.fr\/pt\/wp-json\/wp\/v2\/comments?post=99"}],"version-history":[{"count":70,"href":"https:\/\/www.auberge-de-la-source.fr\/pt\/wp-json\/wp\/v2\/pages\/99\/revisions"}],"predecessor-version":[{"id":7104,"href":"https:\/\/www.auberge-de-la-source.fr\/pt\/wp-json\/wp\/v2\/pages\/99\/revisions\/7104"}],"wp:attachment":[{"href":"https:\/\/www.auberge-de-la-source.fr\/pt\/wp-json\/wp\/v2\/media?parent=99"}],"curies":[{"name":"wp","href":"https:\/\/api.w.org\/{rel}","templated":true}]}}